{"id":321,"date":"2020-03-26T22:19:39","date_gmt":"2020-03-27T01:19:39","guid":{"rendered":"https:\/\/www.granlogiaregularargentina.org\/glra\/?page_id=321"},"modified":"2021-03-21T23:13:23","modified_gmt":"2021-03-22T02:13:23","slug":"gran-logia","status":"publish","type":"page","link":"https:\/\/www.granlogiaregularargentina.org\/glra\/gran-logia\/","title":{"rendered":"Gran Logia"},"content":{"rendered":"\n<figure class=\"wp-block-image size-large\"><img loading=\"lazy\" decoding=\"async\" width=\"955\" height=\"469\" src=\"https:\/\/www.granlogiaregularargentina.org\/glra\/wp-content\/uploads\/2020\/06\/image.png\" alt=\"\" class=\"wp-image-487\" srcset=\"https:\/\/www.granlogiaregularargentina.org\/glra\/wp-content\/uploads\/2020\/06\/image.png 955w, https:\/\/www.granlogiaregularargentina.org\/glra\/wp-content\/uploads\/2020\/06\/image-300x147.png 300w, https:\/\/www.granlogiaregularargentina.org\/glra\/wp-content\/uploads\/2020\/06\/image-768x377.png 768w\" sizes=\"auto, (max-width: 955px) 100vw, 955px\" \/><figcaption>Tenida Constitutiva del 12 de marzo del 6020 v:. l:.<br>V:. M:. y presidentes de Triangulos.<\/figcaption><\/figure>\n\n\n\n<h2 class=\"wp-block-heading\"><strong>Acta Constitutiva<\/strong><\/h2>\n\n\n\n<p>En el Valle de la Ciudad de Buenos Aires, a los 12 d\u00edas del mes de marzo de 6020 v:. l:., en el punto geom\u00e9trico acordado, se re\u00fanen los abajo firmantes\u00a0con el objeto de constituir la <strong>Gran<\/strong> <strong>Logia Regular de la Argentina<\/strong> <strong>por la Igualdad y Libertad de la Humanidad<\/strong>, de la cual son todos\u00a0Miembros Fundadores.<\/p>\n\n\n\n<p>Si bien la actividad de la <strong>Gran<\/strong> <strong>Logia Regular de la Argentina<\/strong> <strong>por la Igualdad y Libertad de la Humanidad<\/strong>, tanto en \u00e1mbitos p\u00fablicos como privados, se remonta al 21 de diciembre de 6018 v:. L:., la misma reconoce sus tradiciones en las escuelas filos\u00f3ficas de la antig\u00fcedad y, especialmente, en los gremios de constructores de la Edad Media, que se plasmaron posteriormente en la intensa labor de democratizaci\u00f3n del conocimiento llevadas adelante por los Masones Leonardo Da Vinci, Am\u00e9rico Vespucio y Pablo Toscanelli, entre otros, que fundaron la primera Academia de Estudios (Mil\u00e1n, 1482) y\u00a0 la Revoluci\u00f3n Cient\u00edfica abierta por Isaac Newton. <\/p>\n\n\n\n<p>A su vez, valoramos el destacado aporte al republicanismo de masones como Oliver Cromwell, primer promotor y difusor de las ideas Republicanas (Inglaterra, 1649); Jean Jacobo Rousseau, autor de \u201cContrato Social\u201d (1762); Francisco de Miranda, promotor de las ideas Libertarias y su lucha activa contra el colonialismo de la \u00e9poca (participando en la Revoluci\u00f3n Norteamericana de 1765, la Revoluci\u00f3n Francesa de 1789 y la Revoluci\u00f3n de Venezuela en 1811 dando origen a su Primera Rep\u00fablica); de las ideas igualitarias de mujeres como Olympe de Gouges; Simone de Beauoir; Mariquita S\u00e1nchez de Thompson; Eva Duarte; entre otras.<\/p>\n\n\n\n<p>Nos consideramos herederos de la Constituci\u00f3n de Anderson de 1717, iniciadas por las Cuatro Logias londinenses que formaron la Gran Logia de Londres; as\u00ed como reconoce sus antecedentes en las Logias argentinas: Independencia de 1795 y Lautaro de 1812 (especialmente en sus promotores Manuel Belgrano, Juan Jos\u00e9 Castelli, Mariano Moreno, Jos\u00e9 de San Mart\u00edn, y otros); la Gran Logia de Argentina; el Gran Oriente Argentino del Rito Azul; el Gran Oriente Federal Argentino y la Gran Logia Argentina de Aceptados y Libres Masones.<\/p>\n\n\n\n<p>En tal sentido, la entidad tendr\u00e1 los siguientes prop\u00f3sitos:<\/p>\n\n\n\n<p><em>1) Promover el reconocimiento p\u00fablico de la Masoner\u00eda y su labor Progresista, especialmente en su rol en el pasado, presente y futuro de la historia Argentina, del continente y el mundo.<\/em><\/p>\n\n\n\n<p><em>2) Difundir el pensamiento cr\u00edtico, simb\u00f3lico y filos\u00f3fico como base del conocimiento de la humanidad, a trav\u00e9s de la b\u00fasqueda de la verdad cient\u00edficamente demostrable, y la separaci\u00f3n de la Teolog\u00eda de la Filosof\u00eda, con el fin de perseguir ideales realizables y ser un factor activo del progreso. Entendiendo al Progreso como la constante superaci\u00f3n del pasado, para emancipar a la Humanidad del dolor, la esclavitud y toda servidumbre material y moral, y hacerla participar de todos los beneficios que pueda proporcionarle la civilizaci\u00f3n y la cultura, por medio de una organizaci\u00f3n positiva de la sociedad.<\/em><\/p>\n\n\n\n<p><em>3) Son sus metas invariables: Deconstruir los viejos moldes de pensamiento y acci\u00f3n que se oponen al progreso, colaborar con la construcci\u00f3n de nuevos ideales al servicio del g\u00e9nero Humano e impulsar su triunfo.<\/em><\/p>\n\n\n\n<p><em>4) Impulsar el desarrollo de la Democracia participativa en todos los \u00e1mbitos de la sociedad, difundiendo los valores democr\u00e1ticos y contribuyendo al empoderamiento de los grupos hist\u00f3ricamente relegados, tendiendo de \u00e9sta manera a la Igualdad entre los ciudadanos, la Equidad social, la Libertad plena y respeto de los derechos humanos.<\/em><\/p>\n\n\n\n<p><em>5) Fomentar y\/o contribuir a la constituci\u00f3n de Redes, uniones, ligas, alianzas u otros espacios colectivos de cooperaci\u00f3n e intercambio entre Redes y otras organizaciones de la Sociedad Civil a nivel nacional e internacional.<\/em><\/p>\n\n\n\n<p><em>6) Pretende alcanzar sus metas a trav\u00e9s de la plena utilizaci\u00f3n del M\u00e9todo Cient\u00edfico y del desarrollo de la Cultura, promoviendo la creaci\u00f3n de \u00e1mbitos acad\u00e9micos de mutuo intercambio e institutos de Educaci\u00f3n Superior.<\/em><\/p>\n\n\n\n<p><em>7) Desarrollar actividades culturales, educativas y sociales abiertas a la comunidad, propendiendo a generar \u00e1mbitos para el debate y reflexi\u00f3n tendientes a la acci\u00f3n, as\u00ed como estrategias para la participaci\u00f3n y el ejercicio pleno de la ciudadan\u00eda, a trav\u00e9s de actividades de formaci\u00f3n y difusi\u00f3n en \u00e1mbitos p\u00fablicos, privados y de la Sociedad Civil. Con ello pretende demostrar su actitud operativa y su incesante b\u00fasqueda de ideales realizables.<\/em><\/p>\n\n\n\n<p><em>8) Promover y desarrollar actividades de capacitaci\u00f3n, asesoramiento t\u00e9cnico y comunicacional; as\u00ed como planificar, ejecutar y monitorear planes, programas y proyectos p\u00fablicos o privados, de orden local, nacional o supranacional, siendo tres de sus principales \u00e1reas de inter\u00e9s:<\/em><\/p>\n\n\n\n<p><em>-El desarrollo sostenible y el cuidado del Medio Ambiente,<\/em><\/p>\n\n\n\n<p><em>-La integraci\u00f3n de la mujer y el reconocimiento de sus derechos;<\/em><\/p>\n\n\n\n<p><em>-La integraci\u00f3n, defensa y desarrollo de los pueblos Originarios de Am\u00e9rica y sus derechos, y el de otros grupos sociales hist\u00f3ricamente relegados.<\/em><\/p>\n\n\n\n<p><em>9) Difundir e impulsar el desarrollo de la Masoner\u00eda, en base al pensamiento cr\u00edtico, simb\u00f3lico y filos\u00f3fico; desde una perspectiva interdisciplinaria, articulando actividades acad\u00e9micas, de formaci\u00f3n, investigaci\u00f3n, asesoramiento t\u00e9cnico-profesional y de intercambio interinstitucional de orden local, nacional e internacional, estimulando la producci\u00f3n acad\u00e9mica de los miembros de la Asociaci\u00f3n y propiciando la defensa de sus intereses.<\/em><\/p>\n\n\n\n<p><em>10) Organizar espacios de formaci\u00f3n en pensamiento cr\u00edtico, simb\u00f3lico y filos\u00f3fico para sus asociados, con \u00e9nfasis en el desarrollo del Libre Pensamiento, Laicismo y Progresismo.<\/em><\/p>\n\n\n\n<p><em>11) Desarrollar todo tipo de actividades afines a los objetivos de la Asociaci\u00f3n, fomentando un ambiente de cordialidad, cooperaci\u00f3n y camarader\u00eda entre sus asociados.<\/em><\/p>\n\n\n\n<p>Con su firma, los presentes formalizan la creaci\u00f3n de una Asociaci\u00f3n sin fines de lucro para desarrollar el objeto enunciado, a la que, en virtud de los objetivos que se proponen, se decide denominarla&nbsp;<strong>Gran Logia Regular de la Argentina.<\/strong><\/p>\n\n\n\n<h2 class=\"wp-block-heading\"><strong>Autoridades<\/strong><\/h2>\n\n\n\n<p>As\u00ed, se realiza la Magna Ceremonia de Instalaci\u00f3n y se informa que el Cuadro de Oficiales de la Gran Logia Regular Argentina que qued\u00f3 constituido de la siguiente forma:<\/p>\n\n\n\n<p><strong>Gran Maestr\u00eda<\/strong><\/p>\n\n\n\n<p> Seren\u00edsimo Gran Maestro : M.\u00b7. R:. y V.\u00b7. H.\u00b7. J.J. Castelli 3\u00ba <\/p>\n\n\n\n<p>Gran Canciller: V.\u00b7. R.\u00b7. H.\u00b7. Richard Da Silva 3\u00ba<\/p>\n\n\n\n<p> Gran Secretario:&nbsp;  V.\u00b7. R.\u00b7. H.\u00b7.  Elfiates de Atenas 3\u00ba <\/p>\n\n\n\n<p><strong>Venerables Maestros<\/strong><\/p>\n\n\n\n<ul class=\"wp-block-list\"><li>Augusta y Respetable Logia \u00abEstrella Federal\u00bb N\u00ba 1:  V.\u00b7. R.\u00b7. H.\u00b7. Mariano Moreno<\/li><li>Augusta y Respetable Logia \u00abConsulta de 1816\u00bb N\u00ba 2:  V.\u00b7. R.\u00b7. H.\u00b7. Francisco de Miranda<\/li><li>Augusta y Respetable Logia \u00abAlfredo Palacios\u00bb N\u00ba 3.  Nicol\u00e1s Maquiavelo 33\u00ba <\/li><\/ul>\n\n\n\n<p><strong>Presidentes de Tri\u00e1ngulos constituidos bajo protecci\u00f3n de la Augusta y Respetable Logia \u00abEstrella Federal\u00bb N\u00ba 1.<\/strong><\/p>\n\n\n\n<p>-Tri\u00e1ngulo \u00abUnidad de los Pueblos\u00bb 1-A (Conurbano Bonaerense):   V.\u00b7. R.\u00b7. H.\u00b7.  Eliel Ben Abraham <\/p>\n\n\n\n<p>-Tri\u00e1ngulo \u00abOtro mundo es Posible\u00bb 1-B (Regi\u00f3n Cuyo)   V.\u00b7. R.\u00b7. H.\u00b7.  Inaco San Mart\u00edn <\/p>\n\n\n\n<p>-Tri\u00e1ngulo \u00ab20 de Septiembre\u00bb 1-C (Regi\u00f3n NEA)   V.\u00b7. R.\u00b7. H.\u00b7. Jos\u00e9 Mart\u00ed<\/p>\n\n\n\n<p>-Tri\u00e1ngulo \u00abLeftraru\u00bb 1-D (Regi\u00f3n Patagonia):    V.\u00b7. R.\u00b7. H.\u00b7.  Jos\u00e9 Gabriel Condorcanqui 33\u00ba <\/p>\n\n\n\n<p>-Tri\u00e1ngulo \u00abManuel Belgrano\u00bb 1-E (Regi\u00f3n NOA)   V.\u00b7. R.\u00b7. H.\u00b7.  Norberto Miguel<\/p>\n\n\n\n<p>-Tri\u00e1ngulo \u00abEva Duarte\u00bb 1-F (Femenino)   V.\u00b7. R.\u00b7. H.\u00b7. Remedios de Escalada<\/p>\n\n\n\n<p>-Tri\u00e1ngulo \u00abFrancisco de Miranda\u00bb 1-G (Venezuela) V.\u00b7. R.\u00b7. H.\u00b7. Antonio Jos\u00e9 de Sucre<\/p>\n","protected":false},"excerpt":{"rendered":"<p>Acta Constitutiva En el Valle de la Ciudad de Buenos Aires, a los 12 d\u00edas del mes de marzo de 6020 v:. l:., en el punto geom\u00e9trico acordado, se re\u00fanen los abajo firmantes\u00a0con el objeto de constituir la Gran Logia Regular de la Argentina por la Igualdad y Libertad de la Humanidad, de la cual [&hellip;]<\/p>\n","protected":false},"author":1,"featured_media":0,"parent":0,"menu_order":0,"comment_status":"closed","ping_status":"closed","template":"","meta":{"footnotes":""},"class_list":["post-321","page","type-page","status-publish","hentry"],"_links":{"self":[{"href":"https:\/\/www.granlogiaregularargentina.org\/glra\/wp-json\/wp\/v2\/pages\/321","targetHints":{"allow":["GET"]}}],"collection":[{"href":"https:\/\/www.granlogiaregularargentina.org\/glra\/wp-json\/wp\/v2\/pages"}],"about":[{"href":"https:\/\/www.granlogiaregularargentina.org\/glra\/wp-json\/wp\/v2\/types\/page"}],"author":[{"embeddable":true,"href":"https:\/\/www.granlogiaregularargentina.org\/glra\/wp-json\/wp\/v2\/users\/1"}],"replies":[{"embeddable":true,"href":"https:\/\/www.granlogiaregularargentina.org\/glra\/wp-json\/wp\/v2\/comments?post=321"}],"version-history":[{"count":10,"href":"https:\/\/www.granlogiaregularargentina.org\/glra\/wp-json\/wp\/v2\/pages\/321\/revisions"}],"predecessor-version":[{"id":826,"href":"https:\/\/www.granlogiaregularargentina.org\/glra\/wp-json\/wp\/v2\/pages\/321\/revisions\/826"}],"wp:attachment":[{"href":"https:\/\/www.granlogiaregularargentina.org\/glra\/wp-json\/wp\/v2\/media?parent=321"}],"curies":[{"name":"wp","href":"https:\/\/api.w.org\/{rel}","templated":true}]}}